{"id":117,"date":"2008-08-11T16:42:12","date_gmt":"2008-08-11T14:42:12","guid":{"rendered":"http:\/\/kloster-metten.de\/?page_id=117"},"modified":"2026-01-23T21:13:20","modified_gmt":"2026-01-23T20:13:20","slug":"tagesordnung","status":"publish","type":"page","link":"https:\/\/www.kloster-metten.com\/?page_id=117","title":{"rendered":"Tagesordnung"},"content":{"rendered":"<img loading=\"lazy\" decoding=\"async\" class=\"alignleft wp-image-872 size-medium\" title=\"_atk4778\" src=\"https:\/\/www.kloster-metten.com\/wp-content\/uploads\/2008\/09\/_atk4778-400x266.jpg\" alt=\"\" width=\"400\" height=\"266\" srcset=\"https:\/\/www.kloster-metten.com\/wp-content\/uploads\/2008\/09\/_atk4778-400x266.jpg 400w, https:\/\/www.kloster-metten.com\/wp-content\/uploads\/2008\/09\/_atk4778.jpg 1000w\" sizes=\"auto, (max-width: 400px) 100vw, 400px\" \/><h2>Tagesordnung<\/h2><p>Das Leben der M\u00f6nche unterliegt einem Rhythmus, der von Gebet und Arbeit vorgegeben ist. \u201eIn Allem m\u00f6ge Gott verherrlicht werden\u201c, hei\u00dft es im Petrusbrief, und auch Benedikt hat dies seinen Mitbr\u00fcdern ans Herz gelegt. Mit den Worten \u201eOra et labora\u201c (Bete und arbeite) wird deshalb gerne seine Regel zusammengefasst. Dem Ordensgr\u00fcnder ging es darum, dass die M\u00f6nche ihren Dienst ohne Murren, Traurigkeit und ohne \u00dcberforderung tun k\u00f6nnen. Ihre Gaben und F\u00e4higkeiten sollen sie zur Entfaltung bringen, mit der Arbeit der H\u00e4nde und des Geistes den Sch\u00f6pfer preisen. Das Gebet findet zur Ganzheit erst, wenn es eins ist mit der Arbeit.<\/p>\n<h3><img loading=\"lazy\" decoding=\"async\" class=\"alignnone wp-image-1257 size-thumbnail\" title=\"_atk4878\" src=\"https:\/\/www.kloster-metten.com\/wp-content\/uploads\/2008\/09\/_atk4878-170x115.jpg\" alt=\"\" width=\"170\" height=\"115\" \/><strong><br \/>\nWerktag:<\/strong><\/h3>\n<table border=\"0\" cellspacing=\"0\" cellpadding=\"0\">\n<tbody>\n<tr>\n<td valign=\"top\">4.30 Uhr<\/td>\n<td valign=\"top\">Aufstehen<\/td>\n<\/tr>\n<tr>\n<td valign=\"top\">5.00<\/td>\n<td valign=\"top\">Vigil und Laudes im Chor<\/td>\n<\/tr>\n<tr>\n<td valign=\"top\">5.45<\/td>\n<td valign=\"top\">gemeinsame Eucharistiefeier in der Benediktuskapelle<\/td>\n<\/tr>\n<tr>\n<td valign=\"top\">6.30<\/td>\n<td valign=\"top\">M\u00f6glichkeit zum Fr\u00fchst\u00fcck<\/td>\n<\/tr>\n<tr>\n<td valign=\"top\">7.00<\/td>\n<td valign=\"top\">je nach Aufgabe Arbeitsbeginn<\/td>\n<\/tr>\n<tr>\n<td valign=\"top\">12.15<\/td>\n<td valign=\"top\">Mittagshore in der Benediktuskapelle<\/td>\n<\/tr>\n<tr>\n<td valign=\"top\">12.30<\/td>\n<td valign=\"top\">Mittagessen im Refektorium<\/td>\n<\/tr>\n<tr>\n<td colspan=\"2\" valign=\"top\">nachmittags Arbeitszeit<\/td>\n<\/tr>\n<tr>\n<td valign=\"top\">16.30<\/td>\n<td valign=\"top\">Zeit zur Betrachtung (jeder f\u00fcr sich)<\/td>\n<\/tr>\n<tr>\n<td valign=\"top\">18.00<\/td>\n<td valign=\"top\">Vesper im Chor<\/td>\n<\/tr>\n<tr>\n<td valign=\"top\">18.30<\/td>\n<td valign=\"top\">Abendessen, anschlie\u00dfend Rekreation im Refektorium<\/td>\n<\/tr>\n<tr>\n<td valign=\"top\">19.30<\/td>\n<td valign=\"top\">Komplet in der Benediktuskapelle<\/td>\n<\/tr>\n<tr>\n<td valign=\"top\">19.45<\/td>\n<td valign=\"top\">Ende des offiziellen Tagesablaufs<\/td>\n<\/tr>\n<\/tbody>\n<\/table>\n<h3><img loading=\"lazy\" decoding=\"async\" class=\"alignnone wp-image-1258 size-thumbnail\" title=\"_atk2079\" src=\"https:\/\/www.kloster-metten.com\/wp-content\/uploads\/2008\/09\/_atk2079-170x115.jpg\" alt=\"\" width=\"170\" height=\"115\" \/><strong><br \/>\nSonntag:<\/strong><\/h3>\n<table border=\"0\" cellspacing=\"0\" cellpadding=\"0\">\n<tbody>\n<tr>\n<td>5.00 Uhr<\/td>\n<td>Aufstehen<\/td>\n<\/tr>\n<tr>\n<td>5.30<\/td>\n<td>Vigil und Laudes im Chor<\/td>\n<\/tr>\n<tr>\n<td>6.30<\/td>\n<td>M\u00f6glichkeit zum Fr\u00fchst\u00fcck<\/td>\n<\/tr>\n<tr>\n<td>10.00<\/td>\n<td>Eucharistiefeier in der Kirche<\/td>\n<\/tr>\n<tr>\n<td>11.30<\/td>\n<td>Mittagshore in der Benediktuskapelle<\/td>\n<\/tr>\n<tr>\n<td>11.45<\/td>\n<td>Mittagessen, anschlie\u00dfend Kaffee im Refektorium<\/td>\n<\/tr>\n<tr>\n<td>17.45<\/td>\n<td>Vesper in der Kirche (an Hochfesten um 14.30 Pontifikalvesper)<\/td>\n<\/tr>\n<tr>\n<td>18.30<\/td>\n<td>Abendessen, anschlie\u00dfend Rekreation im Refektorium<\/td>\n<\/tr>\n<tr>\n<td>19.30<\/td>\n<td>Komplet in der Benediktuskapelle<\/td>\n<\/tr>\n<tr>\n<td>19.45<\/td>\n<td>Ende des offiziellen Tagesablaufs<\/td>\n<\/tr>\n<\/tbody>\n<\/table>\n<p><a href=\"http:\/\/kloster-metten.de\/wp-content\/uploads\/2008\/09\/_atk1294.jpg\"><img loading=\"lazy\" decoding=\"async\" class=\"alignnone wp-image-976 size-thumbnail\" title=\"_atk1294\" src=\"https:\/\/www.kloster-metten.com\/wp-content\/uploads\/2008\/09\/_atk1294-170x115.jpg\" alt=\"\" width=\"170\" height=\"115\" \/><\/a><\/p>\n<p>&nbsp;<\/p>\n","protected":false},"excerpt":{"rendered":"<p>TagesordnungDas Leben der M\u00f6nche unterliegt einem Rhythmus, der von Gebet und Arbeit vorgegeben ist. \u201eIn Allem m\u00f6ge Gott verherrlicht werden\u201c, hei\u00dft es im Petrusbrief, und auch Benedikt hat dies seinen Mitbr\u00fcdern ans Herz gelegt. Mit den Worten \u201eOra et labora\u201c (Bete und arbeite) wird deshalb gerne seine Regel zusammengefasst. Dem Ordensgr\u00fcnder ging es darum, dass [&hellip;]<\/p>\n","protected":false},"author":5,"featured_media":0,"parent":13,"menu_order":1,"comment_status":"closed","ping_status":"closed","template":"","meta":{"footnotes":""},"class_list":["post-117","page","type-page","status-publish","hentry"],"_links":{"self":[{"href":"https:\/\/www.kloster-metten.com\/index.php?rest_route=\/wp\/v2\/pages\/117","targetHints":{"allow":["GET"]}}],"collection":[{"href":"https:\/\/www.kloster-metten.com\/index.php?rest_route=\/wp\/v2\/pages"}],"about":[{"href":"https:\/\/www.kloster-metten.com\/index.php?rest_route=\/wp\/v2\/types\/page"}],"author":[{"embeddable":true,"href":"https:\/\/www.kloster-metten.com\/index.php?rest_route=\/wp\/v2\/users\/5"}],"replies":[{"embeddable":true,"href":"https:\/\/www.kloster-metten.com\/index.php?rest_route=%2Fwp%2Fv2%2Fcomments&post=117"}],"version-history":[{"count":10,"href":"https:\/\/www.kloster-metten.com\/index.php?rest_route=\/wp\/v2\/pages\/117\/revisions"}],"predecessor-version":[{"id":49626,"href":"https:\/\/www.kloster-metten.com\/index.php?rest_route=\/wp\/v2\/pages\/117\/revisions\/49626"}],"up":[{"embeddable":true,"href":"https:\/\/www.kloster-metten.com\/index.php?rest_route=\/wp\/v2\/pages\/13"}],"wp:attachment":[{"href":"https:\/\/www.kloster-metten.com\/index.php?rest_route=%2Fwp%2Fv2%2Fmedia&parent=117"}],"curies":[{"name":"wp","href":"https:\/\/api.w.org\/{rel}","templated":true}]}}