{"id":159,"date":"2008-08-11T16:57:41","date_gmt":"2008-08-11T14:57:41","guid":{"rendered":"http:\/\/kloster-metten.de\/?page_id=159"},"modified":"2023-02-02T16:49:12","modified_gmt":"2023-02-02T15:49:12","slug":"verlag","status":"publish","type":"page","link":"https:\/\/www.kloster-metten.com\/?page_id=159","title":{"rendered":"Verlag"},"content":{"rendered":"<a href=\"http:\/\/kloster-metten.de\/wp-content\/uploads\/2008\/09\/_atk1970.jpg\"><img loading=\"lazy\" decoding=\"async\" class=\"alignleft size-medium wp-image-1289\" title=\"_atk1970\" src=\"http:\/\/kloster-metten.de\/wp-content\/uploads\/2008\/09\/_atk1970-500x332.jpg\" alt=\"\" width=\"300\" height=\"199\" srcset=\"https:\/\/www.kloster-metten.com\/wp-content\/uploads\/2008\/09\/_atk1970-500x332.jpg 500w, https:\/\/www.kloster-metten.com\/wp-content\/uploads\/2008\/09\/_atk1970.jpg 1000w\" sizes=\"auto, (max-width: 300px) 100vw, 300px\" \/><\/a><h2>Verlag<\/h2><p>Der hauseigene, kleine Verlag des Klosters entstand etwa um 1930. Sp\u00e4ter wurde es etwas ruhiger um ihn. Um die Tradition weiterzuf\u00fchren und um teilweise eigene Publikationen vertreiben zu k\u00f6nnen, entschloss sich der Orden jedoch in den 1990-er Jahren f\u00fcr eine Wiederbelebung. Heute ist Pater Thomas Winter hauptverantwortlich. Der thematische Schwerpunkt liegt auf den kirchenrechtlichen Schriften.<\/p>\n<p class=\"Absatzlinks\"><strong>Kontakt:<\/strong><br \/>\nAbtei Verlag Metten<br \/>\nTel. (09 91) 91 08 \u2013 117<br \/>\nFax (09 91) 91 08 \u2013 133<\/p>\n<h3><strong>Derzeit sind lieferbar:<\/strong><\/h3>\n<p>aus der Reihe &#8222;Subsidia ad ius canonicum vigens applicandum&#8220;:<\/p>\n<p>Franz Kalde<br \/>\nAuthentische Interpretationen zum Codex Iuris Canonici I (1984 &#8211; 1994)<br \/>\n(SICA 1)<\/p>\n<p>Johann Hirnsperger<br \/>\nStatuten der \u00d6sterreichischen Domkapitel<br \/>\n(SICA 3)<\/p>\n<p>Sekretariat der Deutschen Bischofskonferenz<br \/>\nKirchenrechtliche Stellungnahmen der Arbeitsgruppe Kirchenrecht der Deutschen Bischofskonferenz in der Zeit von 1984 bis 1989<br \/>\n(SICA 4)<\/p>\n<p>Heribert Schmitz \/ Franz Kalde<br \/>\nPartikularnormen der Deutschen Bischofskonferenz<br \/>\n(SICA 5)<\/p>\n<p>Stephan Haering \/ Burghard Pimmer-J\u00fcsten \/ Martin Rehak<br \/>\nStatuten der deutschen Domkapitel<br \/>\n(SICA 6)<\/p>\n<p>Heribert Schmitz<br \/>\nKirchenrechtliche Gutachten<br \/>\n(SICA 7)<\/p>\n<p>Johann Hirnsperger \/ Stephan Haering<br \/>\nStatuten der \u00f6sterreichischen Kathedral- und Kollegiatkapitel<br \/>\n(SICA 8)<\/p>\n<p>Franz Kalde<br \/>\nAuthentische Interpretationen zum Codex Iuris Canonici II (1995 &#8211; 2005)<br \/>\n(SICA 9)<\/p>\n<h3><strong>sonstige Titel:<\/strong><\/h3>\n<p>Die Satzungen der Bayerischen Benediktiner-Kongregation<br \/>\nDie Satzungen der Kommunit\u00e4t Venio<br \/>\nIN UNUM CONGREGATI<br \/>\nFestgabe f\u00fcr Augustinus Kardinal Mayer OSB zur Vollendung des 80. Lebensjahres<\/p>\n","protected":false},"excerpt":{"rendered":"<p>VerlagDer hauseigene, kleine Verlag des Klosters entstand etwa um 1930. Sp\u00e4ter wurde es etwas ruhiger um ihn. Um die Tradition weiterzuf\u00fchren und um teilweise eigene Publikationen vertreiben zu k\u00f6nnen, entschloss sich der Orden jedoch in den 1990-er Jahren f\u00fcr eine Wiederbelebung. Heute ist Pater Thomas Winter hauptverantwortlich. Der thematische Schwerpunkt liegt auf den kirchenrechtlichen Schriften. [&hellip;]<\/p>\n","protected":false},"author":5,"featured_media":0,"parent":119,"menu_order":0,"comment_status":"closed","ping_status":"closed","template":"","meta":{"footnotes":""},"class_list":["post-159","page","type-page","status-publish","hentry"],"_links":{"self":[{"href":"https:\/\/www.kloster-metten.com\/index.php?rest_route=\/wp\/v2\/pages\/159","targetHints":{"allow":["GET"]}}],"collection":[{"href":"https:\/\/www.kloster-metten.com\/index.php?rest_route=\/wp\/v2\/pages"}],"about":[{"href":"https:\/\/www.kloster-metten.com\/index.php?rest_route=\/wp\/v2\/types\/page"}],"author":[{"embeddable":true,"href":"https:\/\/www.kloster-metten.com\/index.php?rest_route=\/wp\/v2\/users\/5"}],"replies":[{"embeddable":true,"href":"https:\/\/www.kloster-metten.com\/index.php?rest_route=%2Fwp%2Fv2%2Fcomments&post=159"}],"version-history":[{"count":1,"href":"https:\/\/www.kloster-metten.com\/index.php?rest_route=\/wp\/v2\/pages\/159\/revisions"}],"predecessor-version":[{"id":47530,"href":"https:\/\/www.kloster-metten.com\/index.php?rest_route=\/wp\/v2\/pages\/159\/revisions\/47530"}],"up":[{"embeddable":true,"href":"https:\/\/www.kloster-metten.com\/index.php?rest_route=\/wp\/v2\/pages\/119"}],"wp:attachment":[{"href":"https:\/\/www.kloster-metten.com\/index.php?rest_route=%2Fwp%2Fv2%2Fmedia&parent=159"}],"curies":[{"name":"wp","href":"https:\/\/api.w.org\/{rel}","templated":true}]}}