{"id":9957,"date":"2016-06-27T15:46:21","date_gmt":"2016-06-27T13:46:21","guid":{"rendered":"http:\/\/www.kloster-metten.de\/?page_id=9957"},"modified":"2025-07-09T22:53:52","modified_gmt":"2025-07-09T20:53:52","slug":"fotothek-des-klosterarchivs-metten","status":"publish","type":"page","link":"https:\/\/www.kloster-metten.com\/?page_id=9957","title":{"rendered":"Fotothek des Klosterarchivs Metten"},"content":{"rendered":"<h2>Fotothek des Klosterarchivs Metten<\/h2><p>Im Klosterarchiv hat sich eine gro\u00dfe Anzahl von Fotos angesammelt, die leider nicht beschriftet sind: Personen, ehemalige Sch\u00fcler, H\u00e4user, Kirchen etc. Es soll auf diesem Weg versucht werden, wenigstens einen Teil zu identifizieren, damit sie in die Fotosammlung integriert werden k\u00f6nnen. Vielleicht taucht das eine oder andere Foto in einem Privatalbum, einer Pfarr- oder Ortschronik oder Gedenktafel zum Vergleich auf. Die sp\u00e4rlichen Angaben \u00fcber die Fotoateliers k\u00f6nnen evtl. manchmal die L\u00f6sung erleichtern.<br \/>\nAntworten bitte an das Klosterarchiv Metten unter Angabe der Nummer: <a href=\"mailto:pater.michael@gmx.de\">pater.michael@gmx.de<\/a>; wir w\u00fcnschen viel Freude und Erfolg beim L\u00f6sen.<\/p>\n<p><a href=\"https:\/\/www.kloster-metten.com\/wp-content\/uploads\/2025\/05\/Lehrerkollegium1951-1.jpg\"><img loading=\"lazy\" decoding=\"async\" class=\"size-medium wp-image-49249 alignnone\" title=\"Lehrerkollegium1951\" src=\"https:\/\/www.kloster-metten.com\/wp-content\/uploads\/2025\/05\/Lehrerkollegium1951-1-500x348.jpg\" alt=\"\" width=\"500\" height=\"348\" srcset=\"https:\/\/www.kloster-metten.com\/wp-content\/uploads\/2025\/05\/Lehrerkollegium1951-1-500x348.jpg 500w, https:\/\/www.kloster-metten.com\/wp-content\/uploads\/2025\/05\/Lehrerkollegium1951-1-1024x712.jpg 1024w, https:\/\/www.kloster-metten.com\/wp-content\/uploads\/2025\/05\/Lehrerkollegium1951-1-768x534.jpg 768w, https:\/\/www.kloster-metten.com\/wp-content\/uploads\/2025\/05\/Lehrerkollegium1951-1.jpg 1347w\" sizes=\"auto, (max-width: 500px) 100vw, 500px\" \/><\/a><\/p>\n<p>44 Lehrerkollegium ca. 1950. Wer ist der zweite von rechts?<br \/>\ngel\u00f6st: Studienassessor August M\u00f6ller<\/p>\n<p><div id=\"attachment_48988\" style=\"width: 352px\" class=\"wp-caption alignnone\"><a href=\"https:\/\/www.kloster-metten.com\/wp-content\/uploads\/2024\/12\/Scheyern-2_.jpg\"><img loading=\"lazy\" decoding=\"async\" aria-describedby=\"caption-attachment-48988\" class=\"wp-image-48988 size-medium\" title=\"Scheyern 2_\" src=\"https:\/\/www.kloster-metten.com\/wp-content\/uploads\/2024\/12\/Scheyern-2_-342x500.jpg\" alt=\"\" width=\"342\" height=\"500\" srcset=\"https:\/\/www.kloster-metten.com\/wp-content\/uploads\/2024\/12\/Scheyern-2_-342x500.jpg 342w, https:\/\/www.kloster-metten.com\/wp-content\/uploads\/2024\/12\/Scheyern-2_-701x1024.jpg 701w, https:\/\/www.kloster-metten.com\/wp-content\/uploads\/2024\/12\/Scheyern-2_-768x1122.jpg 768w, https:\/\/www.kloster-metten.com\/wp-content\/uploads\/2024\/12\/Scheyern-2_.jpg 899w\" sizes=\"auto, (max-width: 342px) 100vw, 342px\" \/><\/a><p id=\"caption-attachment-48988\" class=\"wp-caption-text\">43 Bayerischer Benediktiner (nicht Metten)<\/p><\/div> <div id=\"attachment_48989\" style=\"width: 284px\" class=\"wp-caption alignnone\"><a href=\"https:\/\/www.kloster-metten.com\/wp-content\/uploads\/2024\/12\/Scheyern-1.jpg\"><img loading=\"lazy\" decoding=\"async\" aria-describedby=\"caption-attachment-48989\" class=\"wp-image-48989 size-medium\" title=\"Scheyern 1\" src=\"https:\/\/www.kloster-metten.com\/wp-content\/uploads\/2024\/12\/Scheyern-1-274x500.jpg\" alt=\"\" width=\"274\" height=\"500\" srcset=\"https:\/\/www.kloster-metten.com\/wp-content\/uploads\/2024\/12\/Scheyern-1-274x500.jpg 274w, https:\/\/www.kloster-metten.com\/wp-content\/uploads\/2024\/12\/Scheyern-1-561x1024.jpg 561w, https:\/\/www.kloster-metten.com\/wp-content\/uploads\/2024\/12\/Scheyern-1-768x1402.jpg 768w, https:\/\/www.kloster-metten.com\/wp-content\/uploads\/2024\/12\/Scheyern-1.jpg 783w\" sizes=\"auto, (max-width: 274px) 100vw, 274px\" \/><\/a><p id=\"caption-attachment-48989\" class=\"wp-caption-text\">42 Bayerischer Benediktiner (nicht Metten)<\/p><\/div><\/p>\n<p><a href=\"https:\/\/www.kloster-metten.com\/wp-content\/uploads\/2024\/10\/Repro-Johann-Steiner-Lupburg_.jpg\"><img loading=\"lazy\" decoding=\"async\" class=\"size-medium wp-image-48860\" title=\"Repro Johann Steiner Lupburg_\" src=\"https:\/\/www.kloster-metten.com\/wp-content\/uploads\/2024\/10\/Repro-Johann-Steiner-Lupburg_-500x375.jpg\" alt=\"\" width=\"500\" height=\"375\" srcset=\"https:\/\/www.kloster-metten.com\/wp-content\/uploads\/2024\/10\/Repro-Johann-Steiner-Lupburg_-500x375.jpg 500w, https:\/\/www.kloster-metten.com\/wp-content\/uploads\/2024\/10\/Repro-Johann-Steiner-Lupburg_-1024x769.jpg 1024w, https:\/\/www.kloster-metten.com\/wp-content\/uploads\/2024\/10\/Repro-Johann-Steiner-Lupburg_-768x577.jpg 768w, https:\/\/www.kloster-metten.com\/wp-content\/uploads\/2024\/10\/Repro-Johann-Steiner-Lupburg_.jpg 1510w\" sizes=\"auto, (max-width: 500px) 100vw, 500px\" \/><\/a><\/p>\n<p>41 Das Foto hat m\u00f6glicherweise Zusammenhang mit einem unserer Konventualen,<br \/>\nvorne: &#8222;Aufgenommen im Jahre 1896&#8220;;<br \/>\nhinten: &#8222;Johann Steiner, Lupburg&#8220; (der Fotograph);<br \/>\nDer Heimatverein Lupburg stellt das Bild demn\u00e4chst in das dortige Gemeindeblatt.<br \/>\nEinziger in Lupburg geb\u00fcrtiger Pater war P. Maximilian Lickleder&#8230;aber bislang f\u00fchrt kein Weg zu ihm hin.<\/p>\n<p><div id=\"attachment_47391\" style=\"width: 510px\" class=\"wp-caption alignnone\"><a href=\"https:\/\/www.kloster-metten.com\/wp-content\/uploads\/2022\/11\/Gym-Metten-P-Benedikt-Busch-ca-1955-1960_.jpg\"><img loading=\"lazy\" decoding=\"async\" aria-describedby=\"caption-attachment-47391\" class=\"size-medium wp-image-47391\" title=\"Gym Metten, P Benedikt Busch ca 1955-1960_\" src=\"https:\/\/www.kloster-metten.com\/wp-content\/uploads\/2022\/11\/Gym-Metten-P-Benedikt-Busch-ca-1955-1960_-500x320.jpg\" alt=\"\" width=\"500\" height=\"320\" srcset=\"https:\/\/www.kloster-metten.com\/wp-content\/uploads\/2022\/11\/Gym-Metten-P-Benedikt-Busch-ca-1955-1960_-500x320.jpg 500w, https:\/\/www.kloster-metten.com\/wp-content\/uploads\/2022\/11\/Gym-Metten-P-Benedikt-Busch-ca-1955-1960_-1024x655.jpg 1024w, https:\/\/www.kloster-metten.com\/wp-content\/uploads\/2022\/11\/Gym-Metten-P-Benedikt-Busch-ca-1955-1960_-768x491.jpg 768w, https:\/\/www.kloster-metten.com\/wp-content\/uploads\/2022\/11\/Gym-Metten-P-Benedikt-Busch-ca-1955-1960_.jpg 1337w\" sizes=\"auto, (max-width: 500px) 100vw, 500px\" \/><\/a><p id=\"caption-attachment-47391\" class=\"wp-caption-text\">40 gel\u00f6st: 2. Klasse B, sp\u00e4ter Abs. 1970<\/p><\/div> <div id=\"attachment_47392\" style=\"width: 510px\" class=\"wp-caption alignnone\"><a href=\"https:\/\/www.kloster-metten.com\/wp-content\/uploads\/2022\/11\/Gym-Metten-evtl-1955-1958_.jpg\"><img loading=\"lazy\" decoding=\"async\" aria-describedby=\"caption-attachment-47392\" class=\"size-medium wp-image-47392\" title=\"Gym Metten, evtl 1955-1958_\" src=\"https:\/\/www.kloster-metten.com\/wp-content\/uploads\/2022\/11\/Gym-Metten-evtl-1955-1958_-500x335.jpg\" alt=\"\" width=\"500\" height=\"335\" srcset=\"https:\/\/www.kloster-metten.com\/wp-content\/uploads\/2022\/11\/Gym-Metten-evtl-1955-1958_-500x335.jpg 500w, https:\/\/www.kloster-metten.com\/wp-content\/uploads\/2022\/11\/Gym-Metten-evtl-1955-1958_-1024x686.jpg 1024w, https:\/\/www.kloster-metten.com\/wp-content\/uploads\/2022\/11\/Gym-Metten-evtl-1955-1958_-170x115.jpg 170w, https:\/\/www.kloster-metten.com\/wp-content\/uploads\/2022\/11\/Gym-Metten-evtl-1955-1958_-768x515.jpg 768w, https:\/\/www.kloster-metten.com\/wp-content\/uploads\/2022\/11\/Gym-Metten-evtl-1955-1958_.jpg 1321w\" sizes=\"auto, (max-width: 500px) 100vw, 500px\" \/><\/a><p id=\"caption-attachment-47392\" class=\"wp-caption-text\">39 gel\u00f6st: sp\u00e4tere Absolvia 1961, im Schuljahr 1955-1956, die vierte Klasse,<br \/>\nmit H. Wambach als Klassleiter<\/p><\/div> <div id=\"attachment_47393\" style=\"width: 510px\" class=\"wp-caption alignnone\"><a href=\"https:\/\/www.kloster-metten.com\/wp-content\/uploads\/2022\/11\/Gym-Metten-P-Godehard-Koekerbauer-ca-1955-1960_.jpg\"><img loading=\"lazy\" decoding=\"async\" aria-describedby=\"caption-attachment-47393\" class=\"size-medium wp-image-47393\" title=\"Gym Metten, P Godehard K\u00f6kerbauer ca 1955-1960_\" src=\"https:\/\/www.kloster-metten.com\/wp-content\/uploads\/2022\/11\/Gym-Metten-P-Godehard-Koekerbauer-ca-1955-1960_-500x314.jpg\" alt=\"\" width=\"500\" height=\"314\" srcset=\"https:\/\/www.kloster-metten.com\/wp-content\/uploads\/2022\/11\/Gym-Metten-P-Godehard-Koekerbauer-ca-1955-1960_-500x314.jpg 500w, https:\/\/www.kloster-metten.com\/wp-content\/uploads\/2022\/11\/Gym-Metten-P-Godehard-Koekerbauer-ca-1955-1960_-1024x642.jpg 1024w, https:\/\/www.kloster-metten.com\/wp-content\/uploads\/2022\/11\/Gym-Metten-P-Godehard-Koekerbauer-ca-1955-1960_-768x482.jpg 768w, https:\/\/www.kloster-metten.com\/wp-content\/uploads\/2022\/11\/Gym-Metten-P-Godehard-Koekerbauer-ca-1955-1960_.jpg 1355w\" sizes=\"auto, (max-width: 500px) 100vw, 500px\" \/><\/a><p id=\"caption-attachment-47393\" class=\"wp-caption-text\">38 gel\u00f6st: 3. Klasse 1959\/60, sp\u00e4ter Abs. 1966<\/p><\/div> <div id=\"attachment_12975\" style=\"width: 510px\" class=\"wp-caption alignleft\"><a href=\"https:\/\/www.kloster-metten.com\/wp-content\/uploads\/2020\/06\/Festplatz.jpg\"><img loading=\"lazy\" decoding=\"async\" aria-describedby=\"caption-attachment-12975\" class=\"wp-image-12975 size-medium\" title=\"Festplatz\" src=\"https:\/\/www.kloster-metten.com\/wp-content\/uploads\/2020\/06\/Festplatz-e1591822214377-500x316.jpg\" alt=\"\" width=\"500\" height=\"316\" srcset=\"https:\/\/www.kloster-metten.com\/wp-content\/uploads\/2020\/06\/Festplatz-e1591822214377-500x316.jpg 500w, https:\/\/www.kloster-metten.com\/wp-content\/uploads\/2020\/06\/Festplatz-e1591822214377-768x485.jpg 768w, https:\/\/www.kloster-metten.com\/wp-content\/uploads\/2020\/06\/Festplatz-e1591822214377-1024x647.jpg 1024w\" sizes=\"auto, (max-width: 500px) 100vw, 500px\" \/><\/a><p id=\"caption-attachment-12975\" class=\"wp-caption-text\">37 Festplatz<\/p><\/div> <div id=\"attachment_12976\" style=\"width: 510px\" class=\"wp-caption alignnone\"><a href=\"https:\/\/www.kloster-metten.com\/wp-content\/uploads\/2020\/06\/Versammlungshalle.jpg\"><img loading=\"lazy\" decoding=\"async\" aria-describedby=\"caption-attachment-12976\" class=\"wp-image-12976 size-medium\" title=\"Versammlungshalle\" src=\"https:\/\/www.kloster-metten.com\/wp-content\/uploads\/2020\/06\/Versammlungshalle-e1591822282608-500x380.jpg\" alt=\"\" width=\"500\" height=\"380\" srcset=\"https:\/\/www.kloster-metten.com\/wp-content\/uploads\/2020\/06\/Versammlungshalle-e1591822282608-500x380.jpg 500w, https:\/\/www.kloster-metten.com\/wp-content\/uploads\/2020\/06\/Versammlungshalle-e1591822282608-768x584.jpg 768w, https:\/\/www.kloster-metten.com\/wp-content\/uploads\/2020\/06\/Versammlungshalle-e1591822282608-1024x779.jpg 1024w\" sizes=\"auto, (max-width: 500px) 100vw, 500px\" \/><\/a><p id=\"caption-attachment-12976\" class=\"wp-caption-text\">36 Versammlungshalle<\/p><\/div> <div id=\"attachment_11422\" style=\"width: 335px\" class=\"wp-caption alignleft\"><a href=\"https:\/\/www.kloster-metten.com\/wp-content\/uploads\/2016\/06\/WALLFAHRT-Fotothek-07-03-18.jpg\"><img loading=\"lazy\" decoding=\"async\" aria-describedby=\"caption-attachment-11422\" class=\"wp-image-11422 size-medium\" title=\"WALLFAHRT Fotothek 07 03 18\" src=\"https:\/\/www.kloster-metten.com\/wp-content\/uploads\/2016\/06\/WALLFAHRT-Fotothek-07-03-18-325x500.jpg\" alt=\"\" width=\"325\" height=\"500\" srcset=\"https:\/\/www.kloster-metten.com\/wp-content\/uploads\/2016\/06\/WALLFAHRT-Fotothek-07-03-18-325x500.jpg 325w, https:\/\/www.kloster-metten.com\/wp-content\/uploads\/2016\/06\/WALLFAHRT-Fotothek-07-03-18-768x1181.jpg 768w, https:\/\/www.kloster-metten.com\/wp-content\/uploads\/2016\/06\/WALLFAHRT-Fotothek-07-03-18-666x1024.jpg 666w, https:\/\/www.kloster-metten.com\/wp-content\/uploads\/2016\/06\/WALLFAHRT-Fotothek-07-03-18.jpg 938w\" sizes=\"auto, (max-width: 325px) 100vw, 325px\" \/><\/a><p id=\"caption-attachment-11422\" class=\"wp-caption-text\">Nr. 35: gel\u00f6st: Wallfahrtskirche Habsberg in der Di\u00f6zese Eichst\u00e4tt<\/p><\/div> <div id=\"attachment_10127\" style=\"width: 438px\" class=\"wp-caption alignnone\"><a href=\"https:\/\/www.kloster-metten.com\/wp-content\/uploads\/2016\/06\/34-verschiedene-Ordensleute.jpg\"><img loading=\"lazy\" decoding=\"async\" aria-describedby=\"caption-attachment-10127\" class=\"size-medium wp-image-10127\" title=\"34 verschiedene Ordensleute\" src=\"https:\/\/www.kloster-metten.com\/wp-content\/uploads\/2016\/06\/34-verschiedene-Ordensleute-428x500.jpg\" alt=\"34 verschiedene Ordensleute\" width=\"428\" height=\"500\" srcset=\"https:\/\/www.kloster-metten.com\/wp-content\/uploads\/2016\/06\/34-verschiedene-Ordensleute-428x500.jpg 428w, https:\/\/www.kloster-metten.com\/wp-content\/uploads\/2016\/06\/34-verschiedene-Ordensleute-768x897.jpg 768w, https:\/\/www.kloster-metten.com\/wp-content\/uploads\/2016\/06\/34-verschiedene-Ordensleute-877x1024.jpg 877w\" sizes=\"auto, (max-width: 428px) 100vw, 428px\" \/><\/a><p id=\"caption-attachment-10127\" class=\"wp-caption-text\">34 verschiedene Ordensleute<\/p><\/div> <div id=\"attachment_10126\" style=\"width: 362px\" class=\"wp-caption alignnone\"><a href=\"https:\/\/www.kloster-metten.com\/wp-content\/uploads\/2016\/06\/33-Kirche-in-Oberbayern.jpg\"><img loading=\"lazy\" decoding=\"async\" aria-describedby=\"caption-attachment-10126\" class=\"size-medium wp-image-10126\" title=\"33 Kirche in Oberbayern\" src=\"https:\/\/www.kloster-metten.com\/wp-content\/uploads\/2016\/06\/33-Kirche-in-Oberbayern-352x500.jpg\" alt=\"33 Kirche in Oberbayern\" width=\"352\" height=\"500\" srcset=\"https:\/\/www.kloster-metten.com\/wp-content\/uploads\/2016\/06\/33-Kirche-in-Oberbayern-352x500.jpg 352w, https:\/\/www.kloster-metten.com\/wp-content\/uploads\/2016\/06\/33-Kirche-in-Oberbayern-768x1090.jpg 768w, https:\/\/www.kloster-metten.com\/wp-content\/uploads\/2016\/06\/33-Kirche-in-Oberbayern-722x1024.jpg 722w, https:\/\/www.kloster-metten.com\/wp-content\/uploads\/2016\/06\/33-Kirche-in-Oberbayern.jpg 1614w\" sizes=\"auto, (max-width: 352px) 100vw, 352px\" \/><\/a><p id=\"caption-attachment-10126\" class=\"wp-caption-text\">33 Kirche in Oberbayern<\/p><\/div> <div id=\"attachment_11063\" style=\"width: 315px\" class=\"wp-caption alignnone\"><a href=\"https:\/\/www.kloster-metten.com\/wp-content\/uploads\/2016\/06\/Nr.-32-Jubelpriester.jpg\"><img loading=\"lazy\" decoding=\"async\" aria-describedby=\"caption-attachment-11063\" class=\"wp-image-11063 size-medium\" title=\"Nr. 32 Jubelpriester\" src=\"https:\/\/www.kloster-metten.com\/wp-content\/uploads\/2016\/06\/Nr.-32-Jubelpriester-305x500.jpg\" alt=\"\" width=\"305\" height=\"500\" srcset=\"https:\/\/www.kloster-metten.com\/wp-content\/uploads\/2016\/06\/Nr.-32-Jubelpriester-305x500.jpg 305w, https:\/\/www.kloster-metten.com\/wp-content\/uploads\/2016\/06\/Nr.-32-Jubelpriester-768x1259.jpg 768w, https:\/\/www.kloster-metten.com\/wp-content\/uploads\/2016\/06\/Nr.-32-Jubelpriester-625x1024.jpg 625w, https:\/\/www.kloster-metten.com\/wp-content\/uploads\/2016\/06\/Nr.-32-Jubelpriester.jpg 1201w\" sizes=\"auto, (max-width: 305px) 100vw, 305px\" \/><\/a><p id=\"caption-attachment-11063\" class=\"wp-caption-text\">32 Jubelpriester<\/p><\/div> <div id=\"attachment_11062\" style=\"width: 510px\" class=\"wp-caption alignnone\"><a href=\"https:\/\/www.kloster-metten.com\/wp-content\/uploads\/2016\/06\/Nr.-31-AM-Treffen.jpg\"><img loading=\"lazy\" decoding=\"async\" aria-describedby=\"caption-attachment-11062\" class=\"wp-image-11062 size-medium\" title=\"Nr. 31 AM - Treffen\" src=\"https:\/\/www.kloster-metten.com\/wp-content\/uploads\/2016\/06\/Nr.-31-AM-Treffen-500x303.jpg\" alt=\"\" width=\"500\" height=\"303\" srcset=\"https:\/\/www.kloster-metten.com\/wp-content\/uploads\/2016\/06\/Nr.-31-AM-Treffen-500x303.jpg 500w, https:\/\/www.kloster-metten.com\/wp-content\/uploads\/2016\/06\/Nr.-31-AM-Treffen-768x466.jpg 768w, https:\/\/www.kloster-metten.com\/wp-content\/uploads\/2016\/06\/Nr.-31-AM-Treffen-1024x621.jpg 1024w, https:\/\/www.kloster-metten.com\/wp-content\/uploads\/2016\/06\/Nr.-31-AM-Treffen.jpg 2025w\" sizes=\"auto, (max-width: 500px) 100vw, 500px\" \/><\/a><p id=\"caption-attachment-11062\" class=\"wp-caption-text\">31 AM &#8211; Treffen<\/p><\/div> <div id=\"attachment_10123\" style=\"width: 510px\" class=\"wp-caption alignnone\"><a href=\"https:\/\/www.kloster-metten.com\/wp-content\/uploads\/2016\/06\/30-Wohnhaus.jpg\"><img loading=\"lazy\" decoding=\"async\" aria-describedby=\"caption-attachment-10123\" class=\"size-medium wp-image-10123\" title=\"30 Wohnhaus\" src=\"https:\/\/www.kloster-metten.com\/wp-content\/uploads\/2016\/06\/30-Wohnhaus-500x322.jpg\" alt=\"30 Wohnhaus\" width=\"500\" height=\"322\" srcset=\"https:\/\/www.kloster-metten.com\/wp-content\/uploads\/2016\/06\/30-Wohnhaus-500x322.jpg 500w, https:\/\/www.kloster-metten.com\/wp-content\/uploads\/2016\/06\/30-Wohnhaus-768x494.jpg 768w, https:\/\/www.kloster-metten.com\/wp-content\/uploads\/2016\/06\/30-Wohnhaus-1024x659.jpg 1024w, https:\/\/www.kloster-metten.com\/wp-content\/uploads\/2016\/06\/30-Wohnhaus.jpg 2013w\" sizes=\"auto, (max-width: 500px) 100vw, 500px\" \/><\/a><p id=\"caption-attachment-10123\" class=\"wp-caption-text\">30 Wohnhaus<\/p><\/div> <div id=\"attachment_10347\" style=\"width: 339px\" class=\"wp-caption alignnone\"><a href=\"https:\/\/www.kloster-metten.com\/wp-content\/uploads\/2016\/06\/29-Wehrturm_.jpg\"><img loading=\"lazy\" decoding=\"async\" aria-describedby=\"caption-attachment-10347\" class=\"wp-image-10347 size-medium\" title=\"29-wehrturm_\" src=\"https:\/\/www.kloster-metten.com\/wp-content\/uploads\/2016\/06\/29-Wehrturm_-329x500.jpg\" alt=\"29-wehrturm\" width=\"329\" height=\"500\" srcset=\"https:\/\/www.kloster-metten.com\/wp-content\/uploads\/2016\/06\/29-Wehrturm_-329x500.jpg 329w, https:\/\/www.kloster-metten.com\/wp-content\/uploads\/2016\/06\/29-Wehrturm_-675x1024.jpg 675w, https:\/\/www.kloster-metten.com\/wp-content\/uploads\/2016\/06\/29-Wehrturm_.jpg 722w\" sizes=\"auto, (max-width: 329px) 100vw, 329px\" \/><\/a><p id=\"caption-attachment-10347\" class=\"wp-caption-text\">29-gel\u00f6st: Burg Rothenfels am Main<\/p><\/div> <div id=\"attachment_11061\" style=\"width: 432px\" class=\"wp-caption alignnone\"><a href=\"https:\/\/www.kloster-metten.com\/wp-content\/uploads\/2016\/06\/Nr.-28-Pfarrer-Foto-Stettmer-Schwarzach.jpg\"><img loading=\"lazy\" decoding=\"async\" aria-describedby=\"caption-attachment-11061\" class=\"wp-image-11061 size-medium\" title=\"Nr. 28 Pfarrer, Foto Stettmer Schwarzach\" src=\"https:\/\/www.kloster-metten.com\/wp-content\/uploads\/2016\/06\/Nr.-28-Pfarrer-Foto-Stettmer-Schwarzach-422x500.jpg\" alt=\"\" width=\"422\" height=\"500\" srcset=\"https:\/\/www.kloster-metten.com\/wp-content\/uploads\/2016\/06\/Nr.-28-Pfarrer-Foto-Stettmer-Schwarzach-422x500.jpg 422w, https:\/\/www.kloster-metten.com\/wp-content\/uploads\/2016\/06\/Nr.-28-Pfarrer-Foto-Stettmer-Schwarzach-768x909.jpg 768w, https:\/\/www.kloster-metten.com\/wp-content\/uploads\/2016\/06\/Nr.-28-Pfarrer-Foto-Stettmer-Schwarzach-865x1024.jpg 865w, https:\/\/www.kloster-metten.com\/wp-content\/uploads\/2016\/06\/Nr.-28-Pfarrer-Foto-Stettmer-Schwarzach.jpg 1391w\" sizes=\"auto, (max-width: 422px) 100vw, 422px\" \/><\/a><p id=\"caption-attachment-11061\" class=\"wp-caption-text\">28 Pfarrer, Foto Stettmer Schwarzach<\/p><\/div> <div id=\"attachment_11058\" style=\"width: 358px\" class=\"wp-caption alignnone\"><a href=\"https:\/\/www.kloster-metten.com\/wp-content\/uploads\/2016\/06\/Nr.-27-P.-Cassian-o.m.c.-1925_.jpg\"><img loading=\"lazy\" decoding=\"async\" aria-describedby=\"caption-attachment-11058\" class=\"wp-image-11058 size-medium\" title=\"Nr. 27 P. Cassian o.m.c. 1925_\" src=\"https:\/\/www.kloster-metten.com\/wp-content\/uploads\/2016\/06\/Nr.-27-P.-Cassian-o.m.c.-1925_-348x500.jpg\" alt=\"\" width=\"348\" height=\"500\" srcset=\"https:\/\/www.kloster-metten.com\/wp-content\/uploads\/2016\/06\/Nr.-27-P.-Cassian-o.m.c.-1925_-348x500.jpg 348w, https:\/\/www.kloster-metten.com\/wp-content\/uploads\/2016\/06\/Nr.-27-P.-Cassian-o.m.c.-1925_-768x1103.jpg 768w, https:\/\/www.kloster-metten.com\/wp-content\/uploads\/2016\/06\/Nr.-27-P.-Cassian-o.m.c.-1925_-713x1024.jpg 713w, https:\/\/www.kloster-metten.com\/wp-content\/uploads\/2016\/06\/Nr.-27-P.-Cassian-o.m.c.-1925_.jpg 781w\" sizes=\"auto, (max-width: 348px) 100vw, 348px\" \/><\/a><p id=\"caption-attachment-11058\" class=\"wp-caption-text\">Nr. 27 gel\u00f6st: P. Cassian Bogenberger O.M.C., Abs. 1872, (1851-1935), + 16.12.1935. (1925)<\/p><\/div> <div id=\"attachment_10819\" style=\"width: 510px\" class=\"wp-caption alignleft\"><a href=\"https:\/\/www.kloster-metten.com\/wp-content\/uploads\/2016\/06\/26-Kirche-innen.jpg\"><img loading=\"lazy\" decoding=\"async\" aria-describedby=\"caption-attachment-10819\" class=\"size-medium wp-image-10819\" title=\"26 Kirche innen\" src=\"https:\/\/www.kloster-metten.com\/wp-content\/uploads\/2016\/06\/26-Kirche-innen-500x379.jpg\" alt=\"\" width=\"500\" height=\"379\" srcset=\"https:\/\/www.kloster-metten.com\/wp-content\/uploads\/2016\/06\/26-Kirche-innen-500x379.jpg 500w, https:\/\/www.kloster-metten.com\/wp-content\/uploads\/2016\/06\/26-Kirche-innen-768x582.jpg 768w, https:\/\/www.kloster-metten.com\/wp-content\/uploads\/2016\/06\/26-Kirche-innen-1024x775.jpg 1024w, https:\/\/www.kloster-metten.com\/wp-content\/uploads\/2016\/06\/26-Kirche-innen.jpg 1149w\" sizes=\"auto, (max-width: 500px) 100vw, 500px\" \/><\/a><p id=\"caption-attachment-10819\" class=\"wp-caption-text\">26 Kirche innen<\/p><\/div> <div id=\"attachment_10118\" style=\"width: 321px\" class=\"wp-caption alignnone\"><a href=\"https:\/\/www.kloster-metten.com\/wp-content\/uploads\/2016\/06\/25-Zwei-Soldaten-Fotograf-P\u00f6ltl-Miesbach.jpg\"><img loading=\"lazy\" decoding=\"async\" aria-describedby=\"caption-attachment-10118\" class=\"wp-image-10118 size-medium\" title=\"25 Zwei Soldaten Fotograf P\u00f6ltl Miesbach\" src=\"https:\/\/www.kloster-metten.com\/wp-content\/uploads\/2016\/06\/25-Zwei-Soldaten-Fotograf-P\u00f6ltl-Miesbach-311x500.jpg\" alt=\"25 Zwei Soldaten Fotograf P\u00f6ltl Miesbach\" width=\"311\" height=\"500\" srcset=\"https:\/\/www.kloster-metten.com\/wp-content\/uploads\/2016\/06\/25-Zwei-Soldaten-Fotograf-P\u00f6ltl-Miesbach-311x500.jpg 311w, https:\/\/www.kloster-metten.com\/wp-content\/uploads\/2016\/06\/25-Zwei-Soldaten-Fotograf-P\u00f6ltl-Miesbach-768x1236.jpg 768w, https:\/\/www.kloster-metten.com\/wp-content\/uploads\/2016\/06\/25-Zwei-Soldaten-Fotograf-P\u00f6ltl-Miesbach-636x1024.jpg 636w, https:\/\/www.kloster-metten.com\/wp-content\/uploads\/2016\/06\/25-Zwei-Soldaten-Fotograf-P\u00f6ltl-Miesbach.jpg 1271w\" sizes=\"auto, (max-width: 311px) 100vw, 311px\" \/><\/a><p id=\"caption-attachment-10118\" class=\"wp-caption-text\">Nr. 25 gel\u00f6st: Gebr\u00fcder Wei\u00df: Albert, Abs. 1909, (rechts) + 4.1.1954; und Eduard, Abs. 1917 (links), + 29.9.1940<\/p><\/div> <div id=\"attachment_10117\" style=\"width: 317px\" class=\"wp-caption alignnone\"><a href=\"https:\/\/www.kloster-metten.com\/wp-content\/uploads\/2016\/06\/24-Benediktiner-unbekannt.jpg\"><img loading=\"lazy\" decoding=\"async\" aria-describedby=\"caption-attachment-10117\" class=\"size-medium wp-image-10117\" title=\"24 Benediktiner, unbekannt\" src=\"https:\/\/www.kloster-metten.com\/wp-content\/uploads\/2016\/06\/24-Benediktiner-unbekannt-307x500.jpg\" alt=\"24 Benediktiner, unbekannt\" width=\"307\" height=\"500\" srcset=\"https:\/\/www.kloster-metten.com\/wp-content\/uploads\/2016\/06\/24-Benediktiner-unbekannt-307x500.jpg 307w, https:\/\/www.kloster-metten.com\/wp-content\/uploads\/2016\/06\/24-Benediktiner-unbekannt-768x1252.jpg 768w, https:\/\/www.kloster-metten.com\/wp-content\/uploads\/2016\/06\/24-Benediktiner-unbekannt-628x1024.jpg 628w, https:\/\/www.kloster-metten.com\/wp-content\/uploads\/2016\/06\/24-Benediktiner-unbekannt.jpg 1235w\" sizes=\"auto, (max-width: 307px) 100vw, 307px\" \/><\/a><p id=\"caption-attachment-10117\" class=\"wp-caption-text\">24 Benediktiner, unbekannt<\/p><\/div> <div id=\"attachment_11060\" style=\"width: 325px\" class=\"wp-caption alignleft\"><a href=\"https:\/\/www.kloster-metten.com\/wp-content\/uploads\/2016\/06\/Nr.-23-Klosterfrau-Foto-Bockhorni-M\u00fcnchen.jpg\"><img loading=\"lazy\" decoding=\"async\" aria-describedby=\"caption-attachment-11060\" class=\"wp-image-11060 size-medium\" title=\"Nr. 23 Klosterfrau, Foto Bockhorni M\u00fcnchen\" src=\"https:\/\/www.kloster-metten.com\/wp-content\/uploads\/2016\/06\/Nr.-23-Klosterfrau-Foto-Bockhorni-M\u00fcnchen-315x500.jpg\" alt=\"\" width=\"315\" height=\"500\" srcset=\"https:\/\/www.kloster-metten.com\/wp-content\/uploads\/2016\/06\/Nr.-23-Klosterfrau-Foto-Bockhorni-M\u00fcnchen-315x500.jpg 315w, https:\/\/www.kloster-metten.com\/wp-content\/uploads\/2016\/06\/Nr.-23-Klosterfrau-Foto-Bockhorni-M\u00fcnchen-768x1217.jpg 768w, https:\/\/www.kloster-metten.com\/wp-content\/uploads\/2016\/06\/Nr.-23-Klosterfrau-Foto-Bockhorni-M\u00fcnchen-646x1024.jpg 646w, https:\/\/www.kloster-metten.com\/wp-content\/uploads\/2016\/06\/Nr.-23-Klosterfrau-Foto-Bockhorni-M\u00fcnchen.jpg 899w\" sizes=\"auto, (max-width: 315px) 100vw, 315px\" \/><\/a><p id=\"caption-attachment-11060\" class=\"wp-caption-text\">23 gel\u00f6st: Sr. M. Conzaga M\u00e4gelen, Salesianerin, Oberin in Dietramszell, dann 1. Priorin ab 1862 in dem neu gegr\u00fcndeten Kloster Zangberg<\/p><\/div> <div id=\"attachment_10115\" style=\"width: 317px\" class=\"wp-caption alignnone\"><a href=\"https:\/\/www.kloster-metten.com\/wp-content\/uploads\/2016\/06\/22-Priester.jpg\"><img loading=\"lazy\" decoding=\"async\" aria-describedby=\"caption-attachment-10115\" class=\"size-medium wp-image-10115\" title=\"22 Priester\" src=\"https:\/\/www.kloster-metten.com\/wp-content\/uploads\/2016\/06\/22-Priester-307x500.jpg\" alt=\"22 Priester\" width=\"307\" height=\"500\" srcset=\"https:\/\/www.kloster-metten.com\/wp-content\/uploads\/2016\/06\/22-Priester-307x500.jpg 307w, https:\/\/www.kloster-metten.com\/wp-content\/uploads\/2016\/06\/22-Priester-768x1249.jpg 768w, https:\/\/www.kloster-metten.com\/wp-content\/uploads\/2016\/06\/22-Priester-630x1024.jpg 630w, https:\/\/www.kloster-metten.com\/wp-content\/uploads\/2016\/06\/22-Priester.jpg 1273w\" sizes=\"auto, (max-width: 307px) 100vw, 307px\" \/><\/a><p id=\"caption-attachment-10115\" class=\"wp-caption-text\">22 Priester<\/p><\/div> <div id=\"attachment_10114\" style=\"width: 318px\" class=\"wp-caption alignnone\"><a href=\"https:\/\/www.kloster-metten.com\/wp-content\/uploads\/2016\/06\/21-Priester-gewidmet-P.-Carl-Sperl.jpg\"><img loading=\"lazy\" decoding=\"async\" aria-describedby=\"caption-attachment-10114\" class=\"size-medium wp-image-10114\" title=\"21 Priester, gewidmet P. Carl Sperl\" src=\"https:\/\/www.kloster-metten.com\/wp-content\/uploads\/2016\/06\/21-Priester-gewidmet-P.-Carl-Sperl-308x500.jpg\" alt=\"21 Priester, gewidmet P. Carl Sperl\" width=\"308\" height=\"500\" srcset=\"https:\/\/www.kloster-metten.com\/wp-content\/uploads\/2016\/06\/21-Priester-gewidmet-P.-Carl-Sperl-308x500.jpg 308w, https:\/\/www.kloster-metten.com\/wp-content\/uploads\/2016\/06\/21-Priester-gewidmet-P.-Carl-Sperl-768x1248.jpg 768w, https:\/\/www.kloster-metten.com\/wp-content\/uploads\/2016\/06\/21-Priester-gewidmet-P.-Carl-Sperl-630x1024.jpg 630w, https:\/\/www.kloster-metten.com\/wp-content\/uploads\/2016\/06\/21-Priester-gewidmet-P.-Carl-Sperl.jpg 1155w\" sizes=\"auto, (max-width: 308px) 100vw, 308px\" \/><\/a><p id=\"caption-attachment-10114\" class=\"wp-caption-text\">21 Priester, gewidmet P. Carl Sperl<\/p><\/div> <div id=\"attachment_10113\" style=\"width: 381px\" class=\"wp-caption alignnone\"><a href=\"https:\/\/www.kloster-metten.com\/wp-content\/uploads\/2016\/06\/20-Priester-Fotograf-Weidauer-Deggendorf.jpg\"><img loading=\"lazy\" decoding=\"async\" aria-describedby=\"caption-attachment-10113\" class=\"size-medium wp-image-10113\" title=\"20 Priester, Fotograf Weidauer Deggendorf\" src=\"https:\/\/www.kloster-metten.com\/wp-content\/uploads\/2016\/06\/20-Priester-Fotograf-Weidauer-Deggendorf-371x500.jpg\" alt=\"20 Priester, Fotograf Weidauer Deggendorf\" width=\"371\" height=\"500\" srcset=\"https:\/\/www.kloster-metten.com\/wp-content\/uploads\/2016\/06\/20-Priester-Fotograf-Weidauer-Deggendorf-371x500.jpg 371w, https:\/\/www.kloster-metten.com\/wp-content\/uploads\/2016\/06\/20-Priester-Fotograf-Weidauer-Deggendorf-768x1036.jpg 768w, https:\/\/www.kloster-metten.com\/wp-content\/uploads\/2016\/06\/20-Priester-Fotograf-Weidauer-Deggendorf-759x1024.jpg 759w, https:\/\/www.kloster-metten.com\/wp-content\/uploads\/2016\/06\/20-Priester-Fotograf-Weidauer-Deggendorf.jpg 1483w\" sizes=\"auto, (max-width: 371px) 100vw, 371px\" \/><\/a><p id=\"caption-attachment-10113\" class=\"wp-caption-text\">20 Priester, Fotograf Weidauer Deggendorf<\/p><\/div> <div id=\"attachment_10112\" style=\"width: 323px\" class=\"wp-caption alignnone\"><a href=\"https:\/\/www.kloster-metten.com\/wp-content\/uploads\/2016\/06\/19-Priester-Fotograf-Ederer-Landshut.jpg\"><img loading=\"lazy\" decoding=\"async\" aria-describedby=\"caption-attachment-10112\" class=\"size-medium wp-image-10112\" title=\"19 Priester, Fotograf Ederer Landshut\" src=\"https:\/\/www.kloster-metten.com\/wp-content\/uploads\/2016\/06\/19-Priester-Fotograf-Ederer-Landshut-313x500.jpg\" alt=\"19 Priester, Fotograf Ederer Landshut\" width=\"313\" height=\"500\" srcset=\"https:\/\/www.kloster-metten.com\/wp-content\/uploads\/2016\/06\/19-Priester-Fotograf-Ederer-Landshut-313x500.jpg 313w, https:\/\/www.kloster-metten.com\/wp-content\/uploads\/2016\/06\/19-Priester-Fotograf-Ederer-Landshut-768x1226.jpg 768w, https:\/\/www.kloster-metten.com\/wp-content\/uploads\/2016\/06\/19-Priester-Fotograf-Ederer-Landshut-641x1024.jpg 641w, https:\/\/www.kloster-metten.com\/wp-content\/uploads\/2016\/06\/19-Priester-Fotograf-Ederer-Landshut.jpg 1299w\" sizes=\"auto, (max-width: 313px) 100vw, 313px\" \/><\/a><p id=\"caption-attachment-10112\" class=\"wp-caption-text\">19 Priester, Fotograf Ederer Landshut<\/p><\/div> <div id=\"attachment_10111\" style=\"width: 317px\" class=\"wp-caption alignnone\"><a href=\"https:\/\/www.kloster-metten.com\/wp-content\/uploads\/2016\/06\/18-Priester-1930.jpg\"><img loading=\"lazy\" decoding=\"async\" aria-describedby=\"caption-attachment-10111\" class=\"wp-image-10111 size-medium\" title=\"18 Priester 1930\" src=\"https:\/\/www.kloster-metten.com\/wp-content\/uploads\/2016\/06\/18-Priester-1930-307x500.jpg\" alt=\"18 Priester 1930\" width=\"307\" height=\"500\" srcset=\"https:\/\/www.kloster-metten.com\/wp-content\/uploads\/2016\/06\/18-Priester-1930-307x500.jpg 307w, https:\/\/www.kloster-metten.com\/wp-content\/uploads\/2016\/06\/18-Priester-1930-768x1250.jpg 768w, https:\/\/www.kloster-metten.com\/wp-content\/uploads\/2016\/06\/18-Priester-1930-629x1024.jpg 629w, https:\/\/www.kloster-metten.com\/wp-content\/uploads\/2016\/06\/18-Priester-1930.jpg 1306w\" sizes=\"auto, (max-width: 307px) 100vw, 307px\" \/><\/a><p id=\"caption-attachment-10111\" class=\"wp-caption-text\">Nr. 18 gel\u00f6st: Pfr. Franz X. Schreiner, Abs. 1925, + 2.5.1984<\/p><\/div> <div id=\"attachment_10110\" style=\"width: 510px\" class=\"wp-caption alignnone\"><a href=\"https:\/\/www.kloster-metten.com\/wp-content\/uploads\/2016\/06\/17-Pfarrherr-vor-seinem-Pfarrhof.jpg\"><img loading=\"lazy\" decoding=\"async\" aria-describedby=\"caption-attachment-10110\" class=\"size-medium wp-image-10110\" title=\"17 Pfarrherr vor seinem Pfarrhof\" src=\"https:\/\/www.kloster-metten.com\/wp-content\/uploads\/2016\/06\/17-Pfarrherr-vor-seinem-Pfarrhof-500x377.jpg\" alt=\"17 Pfarrherr vor seinem Pfarrhof\" width=\"500\" height=\"377\" srcset=\"https:\/\/www.kloster-metten.com\/wp-content\/uploads\/2016\/06\/17-Pfarrherr-vor-seinem-Pfarrhof-500x377.jpg 500w, https:\/\/www.kloster-metten.com\/wp-content\/uploads\/2016\/06\/17-Pfarrherr-vor-seinem-Pfarrhof-768x579.jpg 768w, https:\/\/www.kloster-metten.com\/wp-content\/uploads\/2016\/06\/17-Pfarrherr-vor-seinem-Pfarrhof-1024x772.jpg 1024w, https:\/\/www.kloster-metten.com\/wp-content\/uploads\/2016\/06\/17-Pfarrherr-vor-seinem-Pfarrhof.jpg 1549w\" sizes=\"auto, (max-width: 500px) 100vw, 500px\" \/><\/a><p id=\"caption-attachment-10110\" class=\"wp-caption-text\">17 Pfarrherr vor seinem Pfarrhof<\/p><\/div> <div id=\"attachment_10109\" style=\"width: 357px\" class=\"wp-caption alignnone\"><a href=\"https:\/\/www.kloster-metten.com\/wp-content\/uploads\/2016\/06\/16-Pfarrer-Fotograf-Hofmann-Straubing.jpg\"><img loading=\"lazy\" decoding=\"async\" aria-describedby=\"caption-attachment-10109\" class=\"size-medium wp-image-10109\" title=\"16 Pfarrer, Fotograf Hofmann Straubing\" src=\"https:\/\/www.kloster-metten.com\/wp-content\/uploads\/2016\/06\/16-Pfarrer-Fotograf-Hofmann-Straubing-347x500.jpg\" alt=\"16 Pfarrer, Fotograf Hofmann Straubing\" width=\"347\" height=\"500\" srcset=\"https:\/\/www.kloster-metten.com\/wp-content\/uploads\/2016\/06\/16-Pfarrer-Fotograf-Hofmann-Straubing-347x500.jpg 347w, https:\/\/www.kloster-metten.com\/wp-content\/uploads\/2016\/06\/16-Pfarrer-Fotograf-Hofmann-Straubing-768x1105.jpg 768w, https:\/\/www.kloster-metten.com\/wp-content\/uploads\/2016\/06\/16-Pfarrer-Fotograf-Hofmann-Straubing-711x1024.jpg 711w, https:\/\/www.kloster-metten.com\/wp-content\/uploads\/2016\/06\/16-Pfarrer-Fotograf-Hofmann-Straubing.jpg 1568w\" sizes=\"auto, (max-width: 347px) 100vw, 347px\" \/><\/a><p id=\"caption-attachment-10109\" class=\"wp-caption-text\">16 Pfarrer, Fotograf Hofmann Straubing<\/p><\/div> <div id=\"attachment_11057\" style=\"width: 327px\" class=\"wp-caption alignleft\"><a href=\"https:\/\/www.kloster-metten.com\/wp-content\/uploads\/2016\/06\/Nr.-15-Pfarrer-Foto-Mainburg_.jpg\"><img loading=\"lazy\" decoding=\"async\" aria-describedby=\"caption-attachment-11057\" class=\"wp-image-11057 size-medium\" title=\"Nr. 15 Pfarrer, Foto Mainburg_\" src=\"https:\/\/www.kloster-metten.com\/wp-content\/uploads\/2016\/06\/Nr.-15-Pfarrer-Foto-Mainburg_-317x500.jpg\" alt=\"\" width=\"317\" height=\"500\" srcset=\"https:\/\/www.kloster-metten.com\/wp-content\/uploads\/2016\/06\/Nr.-15-Pfarrer-Foto-Mainburg_-317x500.jpg 317w, https:\/\/www.kloster-metten.com\/wp-content\/uploads\/2016\/06\/Nr.-15-Pfarrer-Foto-Mainburg_.jpg 643w\" sizes=\"auto, (max-width: 317px) 100vw, 317px\" \/><\/a><p id=\"caption-attachment-11057\" class=\"wp-caption-text\">15 Pfarrer, Foto Mainburg<\/p><\/div> <div id=\"attachment_10107\" style=\"width: 510px\" class=\"wp-caption alignnone\"><a href=\"https:\/\/www.kloster-metten.com\/wp-content\/uploads\/2016\/06\/14-Ortschaft-mit-Kirche.jpg\"><img loading=\"lazy\" decoding=\"async\" aria-describedby=\"caption-attachment-10107\" class=\"size-medium wp-image-10107\" title=\"14 Ortschaft mit Kirche\" src=\"https:\/\/www.kloster-metten.com\/wp-content\/uploads\/2016\/06\/14-Ortschaft-mit-Kirche-500x259.jpg\" alt=\"14 Ortschaft mit Kirche\" width=\"500\" height=\"259\" srcset=\"https:\/\/www.kloster-metten.com\/wp-content\/uploads\/2016\/06\/14-Ortschaft-mit-Kirche-500x259.jpg 500w, https:\/\/www.kloster-metten.com\/wp-content\/uploads\/2016\/06\/14-Ortschaft-mit-Kirche-768x398.jpg 768w, https:\/\/www.kloster-metten.com\/wp-content\/uploads\/2016\/06\/14-Ortschaft-mit-Kirche-1024x531.jpg 1024w, https:\/\/www.kloster-metten.com\/wp-content\/uploads\/2016\/06\/14-Ortschaft-mit-Kirche.jpg 1672w\" sizes=\"auto, (max-width: 500px) 100vw, 500px\" \/><\/a><p id=\"caption-attachment-10107\" class=\"wp-caption-text\">14 Ortschaft mit Kirche<\/p><\/div> <div id=\"attachment_10820\" style=\"width: 327px\" class=\"wp-caption alignleft\"><a href=\"https:\/\/www.kloster-metten.com\/wp-content\/uploads\/2016\/06\/13-Lehrer-in-Hacklberg-geb-30-03-1859-F\u00f6rderer-d-NdbayrObstbaumzucht.jpg\"><img loading=\"lazy\" decoding=\"async\" aria-describedby=\"caption-attachment-10820\" class=\"wp-image-10820 size-medium\" title=\"13 Lehrer in Hacklberg geb 30 03 1859 F\u00f6rderer d NdbayrObstbaumzucht\" src=\"https:\/\/www.kloster-metten.com\/wp-content\/uploads\/2016\/06\/13-Lehrer-in-Hacklberg-geb-30-03-1859-F\u00f6rderer-d-NdbayrObstbaumzucht-317x500.jpg\" alt=\"\" width=\"317\" height=\"500\" srcset=\"https:\/\/www.kloster-metten.com\/wp-content\/uploads\/2016\/06\/13-Lehrer-in-Hacklberg-geb-30-03-1859-F\u00f6rderer-d-NdbayrObstbaumzucht-317x500.jpg 317w, https:\/\/www.kloster-metten.com\/wp-content\/uploads\/2016\/06\/13-Lehrer-in-Hacklberg-geb-30-03-1859-F\u00f6rderer-d-NdbayrObstbaumzucht-649x1024.jpg 649w, https:\/\/www.kloster-metten.com\/wp-content\/uploads\/2016\/06\/13-Lehrer-in-Hacklberg-geb-30-03-1859-F\u00f6rderer-d-NdbayrObstbaumzucht.jpg 754w\" sizes=\"auto, (max-width: 317px) 100vw, 317px\" \/><\/a><p id=\"caption-attachment-10820\" class=\"wp-caption-text\">13 Lehrer in Hacklberg, geb 30 03 1859, F\u00f6rderer d. NdbayrObstbaumzucht<\/p><\/div> <div id=\"attachment_10105\" style=\"width: 510px\" class=\"wp-caption alignnone\"><a href=\"https:\/\/www.kloster-metten.com\/wp-content\/uploads\/2016\/06\/12-Kirche-Fotograf-Hassler-Schwabach.jpg\"><img loading=\"lazy\" decoding=\"async\" aria-describedby=\"caption-attachment-10105\" class=\"size-medium wp-image-10105\" title=\"12 Kirche, Fotograf Hassler Schwabach\" src=\"https:\/\/www.kloster-metten.com\/wp-content\/uploads\/2016\/06\/12-Kirche-Fotograf-Hassler-Schwabach-500x335.jpg\" alt=\"12 Kirche, Fotograf Hassler Schwabach\" width=\"500\" height=\"335\" srcset=\"https:\/\/www.kloster-metten.com\/wp-content\/uploads\/2016\/06\/12-Kirche-Fotograf-Hassler-Schwabach-500x335.jpg 500w, https:\/\/www.kloster-metten.com\/wp-content\/uploads\/2016\/06\/12-Kirche-Fotograf-Hassler-Schwabach-170x115.jpg 170w, https:\/\/www.kloster-metten.com\/wp-content\/uploads\/2016\/06\/12-Kirche-Fotograf-Hassler-Schwabach-768x514.jpg 768w, https:\/\/www.kloster-metten.com\/wp-content\/uploads\/2016\/06\/12-Kirche-Fotograf-Hassler-Schwabach-1024x686.jpg 1024w\" sizes=\"auto, (max-width: 500px) 100vw, 500px\" \/><\/a><p id=\"caption-attachment-10105\" class=\"wp-caption-text\">12 gel\u00f6st: Pfarrkriche St. Nikolaus in Hofstetten, Di\u00f6zese Eichst\u00e4tt, ca. 25 km \u00f6stlich von Eichst\u00e4tt gelegen. Fotograf Hassler Schwabach<\/p><\/div> <div id=\"attachment_11059\" style=\"width: 510px\" class=\"wp-caption alignleft\"><a href=\"https:\/\/www.kloster-metten.com\/wp-content\/uploads\/2016\/06\/Nr.-11-evtl.-Prof.-Schedlbauer.jpg\"><img loading=\"lazy\" decoding=\"async\" aria-describedby=\"caption-attachment-11059\" class=\"wp-image-11059 size-medium\" title=\"Nr. 11 (evtl. Prof. Schedlbauer)\" src=\"https:\/\/www.kloster-metten.com\/wp-content\/uploads\/2016\/06\/Nr.-11-evtl.-Prof.-Schedlbauer-500x350.jpg\" alt=\"\" width=\"500\" height=\"350\" srcset=\"https:\/\/www.kloster-metten.com\/wp-content\/uploads\/2016\/06\/Nr.-11-evtl.-Prof.-Schedlbauer-500x350.jpg 500w, https:\/\/www.kloster-metten.com\/wp-content\/uploads\/2016\/06\/Nr.-11-evtl.-Prof.-Schedlbauer-768x538.jpg 768w, https:\/\/www.kloster-metten.com\/wp-content\/uploads\/2016\/06\/Nr.-11-evtl.-Prof.-Schedlbauer-1024x717.jpg 1024w, https:\/\/www.kloster-metten.com\/wp-content\/uploads\/2016\/06\/Nr.-11-evtl.-Prof.-Schedlbauer.jpg 1285w\" sizes=\"auto, (max-width: 500px) 100vw, 500px\" \/><\/a><p id=\"caption-attachment-11059\" class=\"wp-caption-text\">11\u00a0 gel\u00f6st: Andreas Schedlbauer, Geistl. Gymnasialprof. in Straubing, *4.10.1826 in Dumpf, Pfarrei Prackenbach, + 6.5.1875 (49 J).<\/p><\/div> <div id=\"attachment_10103\" style=\"width: 313px\" class=\"wp-caption alignnone\"><a href=\"https:\/\/www.kloster-metten.com\/wp-content\/uploads\/2016\/06\/10-gel\u00f6st-08-07-16-Pfarrkirche-Mariaposching.jpg\"><img loading=\"lazy\" decoding=\"async\" aria-describedby=\"caption-attachment-10103\" class=\"size-medium wp-image-10103\" title=\"10 gel\u00f6st 08 07 16 Pfarrkirche Mariaposching\" src=\"https:\/\/www.kloster-metten.com\/wp-content\/uploads\/2016\/06\/10-gel\u00f6st-08-07-16-Pfarrkirche-Mariaposching-303x500.jpg\" alt=\"10 gel\u00f6st 08 07 16 Pfarrkirche Mariaposching\" width=\"303\" height=\"500\" srcset=\"https:\/\/www.kloster-metten.com\/wp-content\/uploads\/2016\/06\/10-gel\u00f6st-08-07-16-Pfarrkirche-Mariaposching-303x500.jpg 303w, https:\/\/www.kloster-metten.com\/wp-content\/uploads\/2016\/06\/10-gel\u00f6st-08-07-16-Pfarrkirche-Mariaposching-768x1268.jpg 768w, https:\/\/www.kloster-metten.com\/wp-content\/uploads\/2016\/06\/10-gel\u00f6st-08-07-16-Pfarrkirche-Mariaposching-620x1024.jpg 620w, https:\/\/www.kloster-metten.com\/wp-content\/uploads\/2016\/06\/10-gel\u00f6st-08-07-16-Pfarrkirche-Mariaposching.jpg 1220w\" sizes=\"auto, (max-width: 303px) 100vw, 303px\" \/><\/a><p id=\"caption-attachment-10103\" class=\"wp-caption-text\">10 gel\u00f6st 08 07 16 Pfarrkirche Mariaposching<\/p><\/div> <div id=\"attachment_10102\" style=\"width: 510px\" class=\"wp-caption alignnone\"><a href=\"https:\/\/www.kloster-metten.com\/wp-content\/uploads\/2016\/06\/9-gel\u00f6st-12-07-16-Kreuzbergkirche-b-Schwandorf-vor-1945.jpg\"><img loading=\"lazy\" decoding=\"async\" aria-describedby=\"caption-attachment-10102\" class=\"size-medium wp-image-10102\" title=\"9 gel\u00f6st 12 07 16 Kreuzbergkirche b Schwandorf vor 1945\" src=\"https:\/\/www.kloster-metten.com\/wp-content\/uploads\/2016\/06\/9-gel\u00f6st-12-07-16-Kreuzbergkirche-b-Schwandorf-vor-1945-500x320.jpg\" alt=\"9 gel\u00f6st 12 07 16 Kreuzbergkirche b Schwandorf vor 1945\" width=\"500\" height=\"320\" srcset=\"https:\/\/www.kloster-metten.com\/wp-content\/uploads\/2016\/06\/9-gel\u00f6st-12-07-16-Kreuzbergkirche-b-Schwandorf-vor-1945-500x320.jpg 500w, https:\/\/www.kloster-metten.com\/wp-content\/uploads\/2016\/06\/9-gel\u00f6st-12-07-16-Kreuzbergkirche-b-Schwandorf-vor-1945-768x492.jpg 768w, https:\/\/www.kloster-metten.com\/wp-content\/uploads\/2016\/06\/9-gel\u00f6st-12-07-16-Kreuzbergkirche-b-Schwandorf-vor-1945-1024x656.jpg 1024w\" sizes=\"auto, (max-width: 500px) 100vw, 500px\" \/><\/a><p id=\"caption-attachment-10102\" class=\"wp-caption-text\">9 gel\u00f6st 12 07 16 Kreuzbergkirche b Schwandorf vor 1945<\/p><\/div> <div id=\"attachment_10101\" style=\"width: 366px\" class=\"wp-caption alignnone\"><a href=\"https:\/\/www.kloster-metten.com\/wp-content\/uploads\/2016\/06\/8-Inneres-einer-Kirche.jpg\"><img loading=\"lazy\" decoding=\"async\" aria-describedby=\"caption-attachment-10101\" class=\"wp-image-10101 size-medium\" title=\"8 Inneres einer Kirche\" src=\"https:\/\/www.kloster-metten.com\/wp-content\/uploads\/2016\/06\/8-Inneres-einer-Kirche-356x500.jpg\" alt=\"8 Inneres einer Kirche\" width=\"356\" height=\"500\" srcset=\"https:\/\/www.kloster-metten.com\/wp-content\/uploads\/2016\/06\/8-Inneres-einer-Kirche-356x500.jpg 356w, https:\/\/www.kloster-metten.com\/wp-content\/uploads\/2016\/06\/8-Inneres-einer-Kirche-768x1078.jpg 768w, https:\/\/www.kloster-metten.com\/wp-content\/uploads\/2016\/06\/8-Inneres-einer-Kirche-730x1024.jpg 730w, https:\/\/www.kloster-metten.com\/wp-content\/uploads\/2016\/06\/8-Inneres-einer-Kirche.jpg 860w\" sizes=\"auto, (max-width: 356px) 100vw, 356px\" \/><\/a><p id=\"caption-attachment-10101\" class=\"wp-caption-text\">Nr. 8 gel\u00f6st: Mari\u00e4 Himmelfahrt, Seebarn, bei Neunburg vorm Wald (seitenverkehrt), ehem. Pfarr- und Wehrkirche<\/p><\/div> <div id=\"attachment_10344\" style=\"width: 324px\" class=\"wp-caption alignnone\"><a href=\"https:\/\/www.kloster-metten.com\/wp-content\/uploads\/2016\/06\/7-ehem-Sch\u00fcler-30er-Jahre_.jpg\"><img loading=\"lazy\" decoding=\"async\" aria-describedby=\"caption-attachment-10344\" class=\"size-medium wp-image-10344\" title=\"7-ehem-schueler-30er-jahre_\" src=\"https:\/\/www.kloster-metten.com\/wp-content\/uploads\/2016\/06\/7-ehem-Sch\u00fcler-30er-Jahre_-314x500.jpg\" alt=\"7-ehem-schueler-30er-jahre\" width=\"314\" height=\"500\" srcset=\"https:\/\/www.kloster-metten.com\/wp-content\/uploads\/2016\/06\/7-ehem-Sch\u00fcler-30er-Jahre_-314x500.jpg 314w, https:\/\/www.kloster-metten.com\/wp-content\/uploads\/2016\/06\/7-ehem-Sch\u00fcler-30er-Jahre_-768x1222.jpg 768w, https:\/\/www.kloster-metten.com\/wp-content\/uploads\/2016\/06\/7-ehem-Sch\u00fcler-30er-Jahre_-644x1024.jpg 644w, https:\/\/www.kloster-metten.com\/wp-content\/uploads\/2016\/06\/7-ehem-Sch\u00fcler-30er-Jahre_.jpg 1234w\" sizes=\"auto, (max-width: 314px) 100vw, 314px\" \/><\/a><p id=\"caption-attachment-10344\" class=\"wp-caption-text\">7-ehem-schueler-30er-jahre<\/p><\/div> <div id=\"attachment_10345\" style=\"width: 346px\" class=\"wp-caption alignnone\"><a href=\"https:\/\/www.kloster-metten.com\/wp-content\/uploads\/2016\/06\/6-ehem-Sch\u00fcler-30er-Jahre_.jpg\"><img loading=\"lazy\" decoding=\"async\" aria-describedby=\"caption-attachment-10345\" class=\"size-medium wp-image-10345\" title=\"6-ehem-schueler-30er-jahre_\" src=\"https:\/\/www.kloster-metten.com\/wp-content\/uploads\/2016\/06\/6-ehem-Sch\u00fcler-30er-Jahre_-336x500.jpg\" alt=\"6-ehem-schueler-30er-jahre\" width=\"336\" height=\"500\" srcset=\"https:\/\/www.kloster-metten.com\/wp-content\/uploads\/2016\/06\/6-ehem-Sch\u00fcler-30er-Jahre_-336x500.jpg 336w, https:\/\/www.kloster-metten.com\/wp-content\/uploads\/2016\/06\/6-ehem-Sch\u00fcler-30er-Jahre_-768x1143.jpg 768w, https:\/\/www.kloster-metten.com\/wp-content\/uploads\/2016\/06\/6-ehem-Sch\u00fcler-30er-Jahre_-688x1024.jpg 688w, https:\/\/www.kloster-metten.com\/wp-content\/uploads\/2016\/06\/6-ehem-Sch\u00fcler-30er-Jahre_.jpg 1418w\" sizes=\"auto, (max-width: 336px) 100vw, 336px\" \/><\/a><p id=\"caption-attachment-10345\" class=\"wp-caption-text\">6-ehem-schueler-30er-jahre<\/p><\/div> <div id=\"attachment_10098\" style=\"width: 381px\" class=\"wp-caption alignnone\"><a href=\"https:\/\/www.kloster-metten.com\/wp-content\/uploads\/2016\/06\/5-Fotograf-W.-Johannes-Deggendorf.jpg\"><img loading=\"lazy\" decoding=\"async\" aria-describedby=\"caption-attachment-10098\" class=\"wp-image-10098 size-medium\" title=\"5 Fotograf W. Johannes Deggendorf\" src=\"https:\/\/www.kloster-metten.com\/wp-content\/uploads\/2016\/06\/5-Fotograf-W.-Johannes-Deggendorf-371x500.jpg\" alt=\"5 Fotograf W. Johannes Deggendorf\" width=\"371\" height=\"500\" srcset=\"https:\/\/www.kloster-metten.com\/wp-content\/uploads\/2016\/06\/5-Fotograf-W.-Johannes-Deggendorf-371x500.jpg 371w, https:\/\/www.kloster-metten.com\/wp-content\/uploads\/2016\/06\/5-Fotograf-W.-Johannes-Deggendorf-768x1035.jpg 768w, https:\/\/www.kloster-metten.com\/wp-content\/uploads\/2016\/06\/5-Fotograf-W.-Johannes-Deggendorf-760x1024.jpg 760w, https:\/\/www.kloster-metten.com\/wp-content\/uploads\/2016\/06\/5-Fotograf-W.-Johannes-Deggendorf.jpg 959w\" sizes=\"auto, (max-width: 371px) 100vw, 371px\" \/><\/a><p id=\"caption-attachment-10098\" class=\"wp-caption-text\">Nr. 5: gel\u00f6st 1. 9. 16: Pfr. Augustin Kauer, Abs. 1897, + 1965<\/p><\/div> <div id=\"attachment_10097\" style=\"width: 341px\" class=\"wp-caption alignnone\"><a href=\"https:\/\/www.kloster-metten.com\/wp-content\/uploads\/2016\/06\/4-Fotograf-P\u00f6ckl-M\u00fcnchen.jpg\"><img loading=\"lazy\" decoding=\"async\" aria-describedby=\"caption-attachment-10097\" class=\"wp-image-10097 size-medium\" title=\"4 Fotograf P\u00f6ckl M\u00fcnchen\" src=\"https:\/\/www.kloster-metten.com\/wp-content\/uploads\/2016\/06\/4-Fotograf-P\u00f6ckl-M\u00fcnchen-331x500.jpg\" alt=\"4 Fotograf P\u00f6ckl M\u00fcnchen\" width=\"331\" height=\"500\" srcset=\"https:\/\/www.kloster-metten.com\/wp-content\/uploads\/2016\/06\/4-Fotograf-P\u00f6ckl-M\u00fcnchen-331x500.jpg 331w, https:\/\/www.kloster-metten.com\/wp-content\/uploads\/2016\/06\/4-Fotograf-P\u00f6ckl-M\u00fcnchen-768x1160.jpg 768w, https:\/\/www.kloster-metten.com\/wp-content\/uploads\/2016\/06\/4-Fotograf-P\u00f6ckl-M\u00fcnchen-678x1024.jpg 678w, https:\/\/www.kloster-metten.com\/wp-content\/uploads\/2016\/06\/4-Fotograf-P\u00f6ckl-M\u00fcnchen.jpg 916w\" sizes=\"auto, (max-width: 331px) 100vw, 331px\" \/><\/a><p id=\"caption-attachment-10097\" class=\"wp-caption-text\">Nr. 4, gel\u00f6st: August Fingerle, Abs. 1915, stud.med., ++18.11.1918.<\/p><\/div> <div id=\"attachment_10096\" style=\"width: 510px\" class=\"wp-caption alignnone\"><a href=\"https:\/\/www.kloster-metten.com\/wp-content\/uploads\/2016\/06\/3-Ein-Anwesen-in-Kleinschwarzach.jpg\"><img loading=\"lazy\" decoding=\"async\" aria-describedby=\"caption-attachment-10096\" class=\"wp-image-10096 size-medium\" title=\"3 Ein Anwesen in Kleinschwarzach\" src=\"https:\/\/www.kloster-metten.com\/wp-content\/uploads\/2016\/06\/3-Ein-Anwesen-in-Kleinschwarzach-500x278.jpg\" alt=\"3 Ein Anwesen in Kleinschwarzach\" width=\"500\" height=\"278\" srcset=\"https:\/\/www.kloster-metten.com\/wp-content\/uploads\/2016\/06\/3-Ein-Anwesen-in-Kleinschwarzach-500x278.jpg 500w, https:\/\/www.kloster-metten.com\/wp-content\/uploads\/2016\/06\/3-Ein-Anwesen-in-Kleinschwarzach-768x426.jpg 768w, https:\/\/www.kloster-metten.com\/wp-content\/uploads\/2016\/06\/3-Ein-Anwesen-in-Kleinschwarzach-1024x568.jpg 1024w\" sizes=\"auto, (max-width: 500px) 100vw, 500px\" \/><\/a><p id=\"caption-attachment-10096\" class=\"wp-caption-text\">3 gel\u00f6st: Anwesen Josef Stadler, Kleinschwarzach<\/p><\/div> <div id=\"attachment_10095\" style=\"width: 347px\" class=\"wp-caption alignnone\"><a href=\"https:\/\/www.kloster-metten.com\/wp-content\/uploads\/2016\/06\/2-ehemaliger-Mettener-Sch\u00fcler-.jpg\"><img loading=\"lazy\" decoding=\"async\" aria-describedby=\"caption-attachment-10095\" class=\"size-medium wp-image-10095\" title=\"2 ehemaliger Mettener Sch\u00fcler (+)\" src=\"https:\/\/www.kloster-metten.com\/wp-content\/uploads\/2016\/06\/2-ehemaliger-Mettener-Sch\u00fcler--337x500.jpg\" alt=\"2 ehemaliger Mettener Sch\u00fcler (+)\" width=\"337\" height=\"500\" srcset=\"https:\/\/www.kloster-metten.com\/wp-content\/uploads\/2016\/06\/2-ehemaliger-Mettener-Sch\u00fcler--337x500.jpg 337w, https:\/\/www.kloster-metten.com\/wp-content\/uploads\/2016\/06\/2-ehemaliger-Mettener-Sch\u00fcler--768x1140.jpg 768w, https:\/\/www.kloster-metten.com\/wp-content\/uploads\/2016\/06\/2-ehemaliger-Mettener-Sch\u00fcler--690x1024.jpg 690w, https:\/\/www.kloster-metten.com\/wp-content\/uploads\/2016\/06\/2-ehemaliger-Mettener-Sch\u00fcler-.jpg 1298w\" sizes=\"auto, (max-width: 337px) 100vw, 337px\" \/><\/a><p id=\"caption-attachment-10095\" class=\"wp-caption-text\">2 ehemaliger Mettener Sch\u00fcler (+)<\/p><\/div> <div id=\"attachment_10094\" style=\"width: 329px\" class=\"wp-caption alignnone\"><a href=\"https:\/\/www.kloster-metten.com\/wp-content\/uploads\/2016\/06\/1-Brautpaar-Fotograf-Schwarz-Viechtach.jpg\"><img loading=\"lazy\" decoding=\"async\" aria-describedby=\"caption-attachment-10094\" class=\"size-medium wp-image-10094\" title=\"1 Brautpaar, Fotograf Schwarz Viechtach\" src=\"https:\/\/www.kloster-metten.com\/wp-content\/uploads\/2016\/06\/1-Brautpaar-Fotograf-Schwarz-Viechtach-319x500.jpg\" alt=\"1 Brautpaar, Fotograf Schwarz Viechtach\" width=\"319\" height=\"500\" srcset=\"https:\/\/www.kloster-metten.com\/wp-content\/uploads\/2016\/06\/1-Brautpaar-Fotograf-Schwarz-Viechtach-319x500.jpg 319w, https:\/\/www.kloster-metten.com\/wp-content\/uploads\/2016\/06\/1-Brautpaar-Fotograf-Schwarz-Viechtach-768x1204.jpg 768w, https:\/\/www.kloster-metten.com\/wp-content\/uploads\/2016\/06\/1-Brautpaar-Fotograf-Schwarz-Viechtach-653x1024.jpg 653w, https:\/\/www.kloster-metten.com\/wp-content\/uploads\/2016\/06\/1-Brautpaar-Fotograf-Schwarz-Viechtach.jpg 1562w\" sizes=\"auto, (max-width: 319px) 100vw, 319px\" \/><\/a><p id=\"caption-attachment-10094\" class=\"wp-caption-text\">1 Brautpaar, Fotograf Schwarz Viechtach<\/p><\/div><\/p>\n","protected":false},"excerpt":{"rendered":"<p>Fotothek des Klosterarchivs MettenIm Klosterarchiv hat sich eine gro\u00dfe Anzahl von Fotos angesammelt, die leider nicht beschriftet sind: Personen, ehemalige Sch\u00fcler, H\u00e4user, Kirchen etc. Es soll auf diesem Weg versucht werden, wenigstens einen Teil zu identifizieren, damit sie in die Fotosammlung integriert werden k\u00f6nnen. Vielleicht taucht das eine oder andere Foto in einem Privatalbum, einer [&hellip;]<\/p>\n","protected":false},"author":5,"featured_media":0,"parent":48433,"menu_order":11,"comment_status":"closed","ping_status":"closed","template":"","meta":{"footnotes":""},"class_list":["post-9957","page","type-page","status-publish","hentry"],"_links":{"self":[{"href":"https:\/\/www.kloster-metten.com\/index.php?rest_route=\/wp\/v2\/pages\/9957","targetHints":{"allow":["GET"]}}],"collection":[{"href":"https:\/\/www.kloster-metten.com\/index.php?rest_route=\/wp\/v2\/pages"}],"about":[{"href":"https:\/\/www.kloster-metten.com\/index.php?rest_route=\/wp\/v2\/types\/page"}],"author":[{"embeddable":true,"href":"https:\/\/www.kloster-metten.com\/index.php?rest_route=\/wp\/v2\/users\/5"}],"replies":[{"embeddable":true,"href":"https:\/\/www.kloster-metten.com\/index.php?rest_route=%2Fwp%2Fv2%2Fcomments&post=9957"}],"version-history":[{"count":33,"href":"https:\/\/www.kloster-metten.com\/index.php?rest_route=\/wp\/v2\/pages\/9957\/revisions"}],"predecessor-version":[{"id":10080,"href":"https:\/\/www.kloster-metten.com\/index.php?rest_route=\/wp\/v2\/pages\/9957\/revisions\/10080"}],"up":[{"embeddable":true,"href":"https:\/\/www.kloster-metten.com\/index.php?rest_route=\/wp\/v2\/pages\/48433"}],"wp:attachment":[{"href":"https:\/\/www.kloster-metten.com\/index.php?rest_route=%2Fwp%2Fv2%2Fmedia&parent=9957"}],"curies":[{"name":"wp","href":"https:\/\/api.w.org\/{rel}","templated":true}]}}